{"id":86054,"date":"2020-10-03T14:47:09","date_gmt":"2020-10-03T14:47:09","guid":{"rendered":"https:\/\/www.riadorangeraie.com\/nos-chambres\/"},"modified":"2026-03-14T20:17:06","modified_gmt":"2026-03-14T18:17:06","slug":"nos-chambres","status":"publish","type":"page","link":"https:\/\/riadorangeraie.com\/fr\/nos-chambres\/","title":{"rendered":"Nos chambres"},"content":{"rendered":"<div class=\"wpb-content-wrapper\"><p>[vc_row unlock_row_content=\u00a0\u00bbyes\u00a0\u00bb row_height_percent=\u00a0\u00bb0&Prime; override_padding=\u00a0\u00bbyes\u00a0\u00bb h_padding=\u00a0\u00bb2&Prime; top_padding=\u00a0\u00bb2&Prime; bottom_padding=\u00a0\u00bb2&Prime; back_color=\u00a0\u00bbcolor-187530&Prime; back_image=\u00a0\u00bb86051&Prime; overlay_alpha=\u00a0\u00bb60&Prime; gutter_size=\u00a0\u00bb100&Prime; column_width_percent=\u00a0\u00bb100&Prime; shift_y=\u00a0\u00bb0&Prime; z_index=\u00a0\u00bb0&Prime; style=\u00a0\u00bbinherited\u00a0\u00bb el_class=\u00a0\u00bbwrap-suite-car\u00a0\u00bb][vc_column column_width_percent=\u00a0\u00bb100&Prime; align_horizontal=\u00a0\u00bbalign_center\u00a0\u00bb gutter_size=\u00a0\u00bb0&Prime; style=\u00a0\u00bblight\u00a0\u00bb font_family=\u00a0\u00bbfont-175345&Prime; overlay_alpha=\u00a0\u00bb100&Prime; shift_x=\u00a0\u00bb0&Prime; shift_y=\u00a0\u00bb0&Prime; shift_y_down=\u00a0\u00bb0&Prime; z_index=\u00a0\u00bb0&Prime; medium_width=\u00a0\u00bb0&Prime; mobile_width=\u00a0\u00bb0&Prime; zoom_width=\u00a0\u00bb0&Prime; zoom_height=\u00a0\u00bb0&Prime; width=\u00a0\u00bb1\/1&Prime;][vc_custom_heading]<\/p>\n<h2 style=\"text-align: center;\"><span style=\"color: #472e2e;\">Nos chambres<\/span><\/h2>\n<p>[\/vc_custom_heading][vc_empty_space empty_h=\u00a0\u00bb2&Prime;][vc_column_text css=\u00a0\u00bb.vc_custom_1690722376218{margin-right: 25px !important;margin-left: 25px !important;}\u00a0\u00bb uncode_shortcode_id=\u00a0\u00bb156421&Prime;]<\/p>\n<p style=\"text-align: center;\"><span style=\"color: #472e2e;\">Nos belles chambres sont am\u00e9nag\u00e9es avec des lits doubles ou deux lits s\u00e9par\u00e9s\u00a0et les salles de bains en tadelakt<br \/>\ncomportent toutes une douche \u2018pluie\u2019 ou une baignoire.<\/span><\/p>\n<p style=\"text-align: center;\"><span style=\"color: #472e2e;\">A partir de 190 Euros par nuit\u00e9e, petit-d\u00e9jeuner inclus<\/span><\/p>\n<p>[\/vc_column_text][vc_empty_space empty_h=\u00a0\u00bb3&Prime;][vc_row_inner row_inner_height_percent=\u00a0\u00bb0&Prime; overlay_alpha=\u00a0\u00bb50&Prime; gutter_size=\u00a0\u00bb3&Prime; shift_y=\u00a0\u00bb0&Prime; z_index=\u00a0\u00bb0&Prime; css=\u00a0\u00bb.vc_custom_1602254309770{border-right-width: 25px !important;border-left-width: 25px !important;}\u00a0\u00bb][vc_column_inner column_width_percent=\u00a0\u00bb100&Prime; align_horizontal=\u00a0\u00bbalign_center\u00a0\u00bb gutter_size=\u00a0\u00bb0&Prime; style=\u00a0\u00bbdark\u00a0\u00bb font_family=\u00a0\u00bbfont-762333&Prime; overlay_alpha=\u00a0\u00bb50&Prime; shift_x=\u00a0\u00bb0&Prime; shift_y=\u00a0\u00bb0&Prime; shift_y_down=\u00a0\u00bb0&Prime; z_index=\u00a0\u00bb0&Prime; medium_width=\u00a0\u00bb0&Prime; mobile_width=\u00a0\u00bb0&Prime; width=\u00a0\u00bb1\/1&Prime;][uncode_index el_id=\u00a0\u00bbindex-157962&Prime; loop=\u00a0\u00bbsize:2|order_by:date|order:ASC|post_type:page|by_id:86081,88427|taxonomy_count:10&Prime; auto_query=\u00a0\u00bbyes\u00a0\u00bb screen_lg=\u00a0\u00bb1000&Prime; screen_md=\u00a0\u00bb600&Prime; screen_sm=\u00a0\u00bb480&Prime; gutter_size=\u00a0\u00bb3&Prime; page_items=\u00a0\u00bbmedia|featured|onpost|original,title,text|excerpt\u00a0\u00bb single_width=\u00a0\u00bb6&Prime; single_overlay_opacity=\u00a0\u00bb75&Prime; single_padding=\u00a0\u00bb2&Prime; custom_order=\u00a0\u00bbyes\u00a0\u00bb order_ids=\u00a0\u00bb79536,79697,79699,79695,79701&Prime; el_class=\u00a0\u00bbcarouss-wrapper\u00a0\u00bb items=\u00a0\u00bbeyI3OTY5OV9pIjp7InNpbmdsZV93aWR0aCI6IjYifX0=\u00a0\u00bb][vc_empty_space empty_h=\u00a0\u00bb3&Prime;][uncode_index el_id=\u00a0\u00bbindex-157962&Prime; loop=\u00a0\u00bbsize:2|order_by:date|order:ASC|post_type:page|by_id:86057,86071&Prime; auto_query=\u00a0\u00bbyes\u00a0\u00bb screen_lg=\u00a0\u00bb1000&Prime; screen_md=\u00a0\u00bb600&Prime; screen_sm=\u00a0\u00bb480&Prime; gutter_size=\u00a0\u00bb3&Prime; page_items=\u00a0\u00bbmedia|featured|onpost|original,title,text|excerpt\u00a0\u00bb single_width=\u00a0\u00bb6&Prime; single_overlay_opacity=\u00a0\u00bb75&Prime; single_padding=\u00a0\u00bb2&Prime; custom_order=\u00a0\u00bbyes\u00a0\u00bb order_ids=\u00a0\u00bb79536,79697,79699,79695,79701&Prime; el_class=\u00a0\u00bbcarouss-wrapper\u00a0\u00bb items=\u00a0\u00bbeyI3OTY5OV9pIjp7InNpbmdsZV93aWR0aCI6IjYifX0=\u00a0\u00bb][\/vc_column_inner][\/vc_row_inner][vc_empty_space empty_h=\u00a0\u00bb3&Prime;][vc_row_inner][vc_column_inner column_width_percent=\u00a0\u00bb100&Prime; align_horizontal=\u00a0\u00bbalign_center\u00a0\u00bb gutter_size=\u00a0\u00bb3&Prime; overlay_alpha=\u00a0\u00bb50&Prime; shift_x=\u00a0\u00bb0&Prime; shift_y=\u00a0\u00bb0&Prime; shift_y_down=\u00a0\u00bb0&Prime; z_index=\u00a0\u00bb0&Prime; medium_width=\u00a0\u00bb0&Prime; mobile_width=\u00a0\u00bb0&Prime; width=\u00a0\u00bb1\/1&Prime;][vc_button button_color=\u00a0\u00bbcolor-138194&Prime; border_width=\u00a0\u00bb0&Prime; link=\u00a0\u00bburl:https%3A%2F%2Fwww.riadorangeraie.com%2Ffr%2Fnos-suites%2F|title:SUITES\u00a0\u00bb]NOS SUITES[\/vc_button][\/vc_column_inner][\/vc_row_inner][vc_empty_space empty_h=\u00a0\u00bb3&Prime;][\/vc_column][\/vc_row][vc_row row_height_percent=\u00a0\u00bb0&Prime; override_padding=\u00a0\u00bbyes\u00a0\u00bb h_padding=\u00a0\u00bb2&Prime; top_padding=\u00a0\u00bb0&Prime; bottom_padding=\u00a0\u00bb0&Prime; back_color=\u00a0\u00bbcolor-138194&Prime; overlay_alpha=\u00a0\u00bb50&Prime; gutter_size=\u00a0\u00bb3&Prime; column_width_percent=\u00a0\u00bb100&Prime; shift_y=\u00a0\u00bb0&Prime; z_index=\u00a0\u00bb0&Prime;][vc_column column_width_percent=\u00a0\u00bb100&Prime; align_horizontal=\u00a0\u00bbalign_center\u00a0\u00bb gutter_size=\u00a0\u00bb0&Prime; style=\u00a0\u00bbdark\u00a0\u00bb font_family=\u00a0\u00bbfont-762333&Prime; overlay_alpha=\u00a0\u00bb50&Prime; shift_x=\u00a0\u00bb0&Prime; shift_y=\u00a0\u00bb0&Prime; shift_y_down=\u00a0\u00bb0&Prime; z_index=\u00a0\u00bb0&Prime; medium_width=\u00a0\u00bb0&Prime; mobile_width=\u00a0\u00bb0&Prime; width=\u00a0\u00bb1\/1&Prime;][vc_custom_heading]<\/p>\n<h2 style=\"text-align: center;\"><span style=\"color: #ffffff;\">Extras suppl\u00e9mentaires<\/span><\/h2>\n<p>[\/vc_custom_heading][vc_row_inner][vc_column_inner column_width_percent=\u00a0\u00bb100&Prime; gutter_size=\u00a0\u00bb0&Prime; style=\u00a0\u00bbdark\u00a0\u00bb overlay_alpha=\u00a0\u00bb50&Prime; shift_x=\u00a0\u00bb0&Prime; shift_y=\u00a0\u00bb0&Prime; shift_y_down=\u00a0\u00bb0&Prime; z_index=\u00a0\u00bb0&Prime; medium_width=\u00a0\u00bb0&Prime; mobile_width=\u00a0\u00bb0&Prime; width=\u00a0\u00bb1\/3&Prime;][vc_column_text uncode_shortcode_id=\u00a0\u00bb147219&Prime;]<\/p>\n<div class=\"page\" title=\"Page 6\">\n<div class=\"section\">\n<div class=\"layoutArea\">\n<div class=\"column\">\n<p style=\"text-align: justify;\"><span style=\"color: #ffffff;\">Les repas sont pr\u00e9par\u00e9s sur demande. Tous les ingr\u00e9dients qu\u2019utilise Nadia, notre cuisini\u00e8re, sont frais du jour.<\/span><\/p>\n<p style=\"text-align: justify;\"><span style=\"color: #ffffff;\">Menu compos\u00e9 de salades marocaines vari\u00e9es et d&rsquo;un dessert: 18 Euros<\/span><\/p>\n<p><span style=\"color: #ffffff;\">Menu compos\u00e9 de salades marocaines vari\u00e9es, d&rsquo;un tajine ou couscous puis d&rsquo;un dessert: 35 Euros<\/span><\/p>\n<\/div>\n<\/div>\n<\/div>\n<\/div>\n<p>[\/vc_column_text][\/vc_column_inner][vc_column_inner column_width_percent=\u00a0\u00bb100&Prime; gutter_size=\u00a0\u00bb0&Prime; style=\u00a0\u00bbdark\u00a0\u00bb overlay_alpha=\u00a0\u00bb50&Prime; shift_x=\u00a0\u00bb0&Prime; shift_y=\u00a0\u00bb0&Prime; shift_y_down=\u00a0\u00bb0&Prime; z_index=\u00a0\u00bb0&Prime; medium_width=\u00a0\u00bb0&Prime; mobile_width=\u00a0\u00bb0&Prime; width=\u00a0\u00bb1\/3&Prime;][vc_column_text uncode_shortcode_id=\u00a0\u00bb172702&Prime;]<\/p>\n<div class=\"page\" title=\"Page 6\">\n<div class=\"section\">\n<div class=\"layoutArea\">\n<div class=\"column\">\n<p style=\"text-align: justify;\"><span style=\"color: #ffffff;\">Le lit suppl\u00e9mentaire est factur\u00e9 50 Euros (gratuit pour les enfants en dessous de 5 ans).<\/span><\/p>\n<p style=\"text-align: justify;\"><span style=\"color: #ffffff;\">Transfert de l\u2019a\u00e9roport : 25 Euros par groupe jusqu&rsquo;\u00e0 5 personnes<\/span><\/p>\n<p style=\"text-align: justify;\"><span style=\"color: #ffffff;\">Massages : 40 Euros\/Heure<\/span><\/p>\n<p style=\"text-align: justify;\"><span style=\"color: #ffffff;\">Une taxe de s\u00e9jour de 2,5 Euros par jour et par personne vient en suppl\u00e9ment du prix de la chambre<\/span><\/p>\n<\/div>\n<\/div>\n<\/div>\n<\/div>\n<p>[\/vc_column_text][\/vc_column_inner][vc_column_inner column_width_percent=\u00a0\u00bb100&Prime; gutter_size=\u00a0\u00bb0&Prime; style=\u00a0\u00bbdark\u00a0\u00bb overlay_alpha=\u00a0\u00bb50&Prime; shift_x=\u00a0\u00bb0&Prime; shift_y=\u00a0\u00bb0&Prime; shift_y_down=\u00a0\u00bb0&Prime; z_index=\u00a0\u00bb0&Prime; medium_width=\u00a0\u00bb0&Prime; mobile_width=\u00a0\u00bb0&Prime; width=\u00a0\u00bb1\/3&Prime;][vc_column_text uncode_shortcode_id=\u00a0\u00bb800374&Prime;]<\/p>\n<div class=\"page\" title=\"Page 6\">\n<div class=\"section\">\n<div class=\"layoutArea\">\n<div class=\"column\">\n<p><span style=\"color: #ffffff;\">Nos prix incluent le petit-d\u00e9jeuner. Le th\u00e9 et caf\u00e9 sont offerts \u00e0 discr\u00e9tion pendant le s\u00e9jour. <\/span><\/p>\n<div class=\"section\">\n<div class=\"layoutArea\">\n<div class=\"column\">\n<p><span style=\"color: #ffffff;\">Vous pouvez aussi louer le riad dans sa globalit\u00e9: 1390 Euros sur la base de 14 personnes (capacit\u00e9 maximum de 17 personnes au Riad et de 21 personnes en incluant la location de Tigmino)<\/span><\/p>\n<div class=\"section\">\n<div class=\"layoutArea\">\n<div class=\"column\">\n<p style=\"text-align: justify;\"><span style=\"color: #ffffff;\">Les tarifs sont augment\u00e9s de 30% pendant la saison de Noel et du jour de l\u2019an, ainsi que pendant la semaine de P\u00e2ques.<\/span><\/p>\n<\/div>\n<\/div>\n<\/div>\n<\/div>\n<\/div>\n<\/div>\n<\/div>\n<\/div>\n<\/div>\n<\/div>\n<p>[\/vc_column_text][\/vc_column_inner][\/vc_row_inner][vc_empty_space empty_h=\u00a0\u00bb3&Prime;][\/vc_column][\/vc_row]<\/p>\n<\/div>","protected":false},"excerpt":{"rendered":"<p>[vc_row unlock_row_content=\u00a0\u00bbyes\u00a0\u00bb row_height_percent=\u00a0\u00bb0&Prime; override_padding=\u00a0\u00bbyes\u00a0\u00bb h_padding=\u00a0\u00bb2&Prime; top_padding=\u00a0\u00bb0&Prime; bottom_padding=\u00a0\u00bb0&Prime; back_color=\u00a0\u00bbcolor-187530&Prime; overlay_alpha=\u00a0\u00bb60&Prime; gutter_size=\u00a0\u00bb100&Prime; column_width_percent=\u00a0\u00bb100&Prime; shift_y=\u00a0\u00bb0&Prime; z_index=\u00a0\u00bb0&Prime; style=\u00a0\u00bbinherited\u00a0\u00bb el_class=\u00a0\u00bbwrap-suite-car\u00a0\u00bb][vc_column column_width_percent=\u00a0\u00bb100&Prime; align_horizontal=\u00a0\u00bbalign_center\u00a0\u00bb gutter_size=\u00a0\u00bb0&Prime; style=\u00a0\u00bblight\u00a0\u00bb font_family=\u00a0\u00bbfont-175345&Prime; overlay_alpha=\u00a0\u00bb100&Prime; shift_x=\u00a0\u00bb0&Prime; shift_y=\u00a0\u00bb0&Prime; shift_y_down=\u00a0\u00bb0&Prime; z_index=\u00a0\u00bb0&Prime; medium_width=\u00a0\u00bb0&Prime; mobile_width=\u00a0\u00bb0&Prime; zoom_width=\u00a0\u00bb0&Prime; zoom_height=\u00a0\u00bb0&Prime; width=\u00a0\u00bb1\/1&Prime;][vc_custom_heading]<\/p>\n","protected":false},"author":1,"featured_media":87964,"parent":0,"menu_order":0,"comment_status":"closed","ping_status":"closed","template":"","meta":{"om_disable_all_campaigns":false,"_monsterinsights_skip_tracking":false,"_monsterinsights_sitenote_active":false,"_monsterinsights_sitenote_note":"","_monsterinsights_sitenote_category":0,"_uf_show_specific_survey":0,"_uf_disable_surveys":false,"footnotes":""},"class_list":["post-86054","page","type-page","status-publish","has-post-thumbnail","hentry"],"aioseo_notices":[],"_links":{"self":[{"href":"https:\/\/riadorangeraie.com\/fr\/wp-json\/wp\/v2\/pages\/86054","targetHints":{"allow":["GET"]}}],"collection":[{"href":"https:\/\/riadorangeraie.com\/fr\/wp-json\/wp\/v2\/pages"}],"about":[{"href":"https:\/\/riadorangeraie.com\/fr\/wp-json\/wp\/v2\/types\/page"}],"author":[{"embeddable":true,"href":"https:\/\/riadorangeraie.com\/fr\/wp-json\/wp\/v2\/users\/1"}],"replies":[{"embeddable":true,"href":"https:\/\/riadorangeraie.com\/fr\/wp-json\/wp\/v2\/comments?post=86054"}],"version-history":[{"count":8,"href":"https:\/\/riadorangeraie.com\/fr\/wp-json\/wp\/v2\/pages\/86054\/revisions"}],"predecessor-version":[{"id":96454,"href":"https:\/\/riadorangeraie.com\/fr\/wp-json\/wp\/v2\/pages\/86054\/revisions\/96454"}],"wp:featuredmedia":[{"embeddable":true,"href":"https:\/\/riadorangeraie.com\/fr\/wp-json\/wp\/v2\/media\/87964"}],"wp:attachment":[{"href":"https:\/\/riadorangeraie.com\/fr\/wp-json\/wp\/v2\/media?parent=86054"}],"curies":[{"name":"wp","href":"https:\/\/api.w.org\/{rel}","templated":true}]}}