{"id":86126,"date":"2020-10-03T18:55:05","date_gmt":"2020-10-03T18:55:05","guid":{"rendered":"https:\/\/www.riadorangeraie.com\/tourisme-durable\/"},"modified":"2020-11-16T15:12:12","modified_gmt":"2020-11-16T15:12:12","slug":"tourisme-durable","status":"publish","type":"page","link":"https:\/\/riadorangeraie.com\/fr\/tourisme-durable\/","title":{"rendered":"Tourisme durable"},"content":{"rendered":"<div class=\"wpb-content-wrapper\"><p>[vc_row unlock_row_content=\u00a0\u00bbyes\u00a0\u00bb row_height_percent=\u00a0\u00bb0&Prime; back_image=\u00a0\u00bb83520&Prime; overlay_alpha=\u00a0\u00bb50&Prime; gutter_size=\u00a0\u00bb3&Prime; column_width_percent=\u00a0\u00bb100&Prime; border_color=\u00a0\u00bbcolor-187530&Prime; border_style=\u00a0\u00bbsolid\u00a0\u00bb shift_y=\u00a0\u00bb0&Prime; z_index=\u00a0\u00bb0&Prime; css=\u00a0\u00bb.vc_custom_1595523117903{border-top-width: 2px !important;border-bottom-width: 2px !important;}\u00a0\u00bb][vc_column column_width_percent=\u00a0\u00bb100&Prime; gutter_size=\u00a0\u00bb0&Prime; style=\u00a0\u00bbdark\u00a0\u00bb font_family=\u00a0\u00bbfont-762333&Prime; overlay_alpha=\u00a0\u00bb50&Prime; shift_x=\u00a0\u00bb0&Prime; shift_y=\u00a0\u00bb0&Prime; shift_y_down=\u00a0\u00bb0&Prime; z_index=\u00a0\u00bb0&Prime; medium_width=\u00a0\u00bb0&Prime; mobile_width=\u00a0\u00bb0&Prime; width=\u00a0\u00bb1\/1&Prime;][vc_empty_space empty_h=\u00a0\u00bb3&Prime;][vc_row_inner][vc_column_inner column_width_percent=\u00a0\u00bb100&Prime; gutter_size=\u00a0\u00bb3&Prime; style=\u00a0\u00bbdark\u00a0\u00bb font_family=\u00a0\u00bbfont-762333&Prime; overlay_color=\u00a0\u00bbcolor-187530&Prime; overlay_alpha=\u00a0\u00bb82&Prime; shift_x=\u00a0\u00bb0&Prime; shift_y=\u00a0\u00bb0&Prime; shift_y_down=\u00a0\u00bb0&Prime; z_index=\u00a0\u00bb0&Prime; medium_width=\u00a0\u00bb0&Prime; mobile_width=\u00a0\u00bb0&Prime; width=\u00a0\u00bb1\/2&Prime;][vc_column_text css=\u00a0\u00bb.vc_custom_1605539526474{margin-right: 20px !important;margin-left: 20px !important;padding-top: 20px !important;padding-bottom: 20px !important;}\u00a0\u00bb el_class=\u00a0\u00bbwrapper-title-page\u00a0\u00bb]<\/p>\n<h2 style=\"text-align: justify;\">Tourisme Durable<\/h2>\n<p>[\/vc_column_text][vc_column_text css=\u00a0\u00bb.vc_custom_1603179434117{margin-right: 20px !important;margin-left: 20px !important;padding-top: 20px !important;padding-bottom: 20px !important;}\u00a0\u00bb]<\/p>\n<p style=\"text-align: justify;\"><span style=\"font-weight: 400;\">Depuis 2009, soit quelques ann\u00e9es apr\u00e8s notre ouverture, nous appliquons \u00e0 notre fa\u00e7on de g\u00e9rer le Riad les valeurs et les principes d\u2019un tourisme durable.\u00a0<\/span><\/p>\n<p style=\"text-align: justify;\"><span style=\"font-weight: 400;\">Conscients que les ressources pr\u00e9cieuses comme l\u2019eau et l\u2019\u00e9nergie ne sont pas in\u00e9puisables, nous avons mis en place une politique environnementale ainsi qu\u2019un plan d\u2019actions, afin qu\u2019\u00e0 notre petit niveau, nous puissions prot\u00e9ger l\u2019environnement et la biodiversit\u00e9, prioriser le d\u00e9veloppement local, et respecter la communaut\u00e9 qui nous accueille.<\/span><\/p>\n<p style=\"text-align: justify;\"><span style=\"font-weight: 400;\">Notre engagement pour un tourisme durable a d\u2019ailleurs \u00e9t\u00e9 r\u00e9compens\u00e9 par l\u2019obtention du label Clef Verte et s\u2019articule autour de plusieurs principes.<\/span><\/p>\n<h3 style=\"text-align: justify;\"><strong>La gestion de l\u2019eau\u00a0:<\/strong><\/h3>\n<p style=\"text-align: justify;\"><span style=\"font-weight: 400;\">Nous avons install\u00e9 des r\u00e9gulateurs de d\u00e9bit sur tous les robinets et douches du Riad (sans que cela affecte le confort de nos clients), des toilettes \u00e9conomes en eau, et avons mis en place une politique de r\u00e9utilisation des serviettes et des draps.<\/span><\/p>\n<h3 style=\"text-align: justify;\"><strong>L\u2019\u00e9nergie\u00a0:<\/strong><\/h3>\n<p style=\"text-align: justify;\"><span style=\"font-weight: 400;\">Tout le Riad est \u00e9quip\u00e9 en ampoules basse consommation, et nous v\u00e9rifions nos consommations \u00e9lectriques chaque mois, ce qui nous permet d\u2019analyser les performances \u00e9nerg\u00e9tiques du Riad.<\/span><\/p>\n<h3 style=\"text-align: justify;\"><strong>La biodiversit\u00e9\u00a0:<\/strong><\/h3>\n<p style=\"text-align: justify;\"><span style=\"font-weight: 400;\">Nous essayons au maximum d\u2019\u00e9viter l\u2019utilisation d\u2019insecticides, utilisons le compost comme engrais organique, et arrosons la v\u00e9g\u00e9tation de mani\u00e8re raisonn\u00e9e.<\/span><\/p>\n<h3 style=\"text-align: justify;\"><strong>La politique d\u2019achat \u00e9co-responsable\u00a0:<\/strong><\/h3>\n<p style=\"text-align: justify;\"><span style=\"font-weight: 400;\">Nous utilisons du papier recycl\u00e9, aussi bien dans les toilettes que pour le papier de bureau. Tous nos produits d\u2019entretien sont \u00e9co-labellis\u00e9s, de m\u00eame que la lessive que nous utilisons pour la blanchisserie. Quant aux produits alimentaires, nous essayons de privil\u00e9gier des producteurs bio et favorisons les partenariats avec des entreprises et fournisseurs locaux.<\/span><\/p>\n<h3 style=\"text-align: justify;\"><strong>La sensibilisation\u00a0:<\/strong><\/h3>\n<p style=\"text-align: justify;\"><span style=\"font-weight: 400;\">Notre personnel a \u00e9t\u00e9 form\u00e9 \u00e0 appliquer mais surtout \u00e0 comprendre ces principes, avec un formateur Marocain, qui a su \u00e9tayer son discours avec des r\u00e9f\u00e9rences au Coran et \u00e0 la culture Marocaine. Ainsi, nos employ\u00e9s appliquent les m\u00eames principes chez eux, et les transmettent \u00e0 leurs enfants, ce qui est pour nous la meilleure des r\u00e9compenses.<\/span><\/p>\n<p style=\"text-align: justify;\"><span style=\"font-weight: 400;\">Parall\u00e8lement, nous sensibilisons nos clients \u00e0 notre approche et notre gestion \u00e9co-responsable, en leur demandant d\u2019appliquer certaines r\u00e8gles simples comme d\u2019\u00e9teindre la climatisation et les lumi\u00e8res de leur chambre en leur absence, et en leur proposant la r\u00e9utilisation du linge de bain.<\/span><\/p>\n<p style=\"text-align: justify;\"><span style=\"font-weight: 400;\">Et pour que notre effort de sensibilisation ne s\u2019arr\u00eate pas au seul cadre du Riad, nous recommandons \u00e0 tous ceux qui lisent ce petit texte, qu\u2019ils s\u00e9journent ou non chez nous, de t\u00e9l\u00e9charger et de visionner le film \u2018Demain\u2019 de M\u00e9lanie Laurent et Cyril Dion, film documentaire qui nous a beaucoup touch\u00e9. Ce film montre des solutions et raconte des histoires qui font du bien, c\u2019est d\u2019ailleurs peut \u00eatre une des meilleures fa\u00e7ons de r\u00e9soudre les crises \u00e9cologiques, \u00e9conomiques et sociales, que traversent nos pays.<\/span><\/p>\n<p>[\/vc_column_text][\/vc_column_inner][vc_column_inner width=\u00a0\u00bb1\/2&Prime;][\/vc_column_inner][\/vc_row_inner][vc_empty_space empty_h=\u00a0\u00bb3&Prime;][\/vc_column][\/vc_row]<\/p>\n<\/div>","protected":false},"excerpt":{"rendered":"<p>[vc_row unlock_row_content=\u00a0\u00bbyes\u00a0\u00bb row_height_percent=\u00a0\u00bb0&Prime; back_image=\u00a0\u00bb83520&Prime; overlay_alpha=\u00a0\u00bb50&Prime; gutter_size=\u00a0\u00bb3&Prime; column_width_percent=\u00a0\u00bb100&Prime; border_color=\u00a0\u00bbcolor-187530&Prime; border_style=\u00a0\u00bbsolid\u00a0\u00bb shift_y=\u00a0\u00bb0&Prime; z_index=\u00a0\u00bb0&Prime; css=\u00a0\u00bb.vc_custom_1595523117903{border-top-width: 2px !important;border-bottom-width: 2px !important;}\u00a0\u00bb shape_dividers=\u00a0\u00bb\u00a0\u00bb][vc_column column_width_percent=\u00a0\u00bb100&Prime; gutter_size=\u00a0\u00bb3&Prime; style=\u00a0\u00bbdark\u00a0\u00bb font_family=\u00a0\u00bbfont-762333&Prime; overlay_alpha=\u00a0\u00bb50&Prime; shift_x=\u00a0\u00bb0&Prime; shift_y=\u00a0\u00bb0&Prime; shift_y_down=\u00a0\u00bb0&Prime; z_index=\u00a0\u00bb0&Prime; medium_width=\u00a0\u00bb0&Prime; mobile_width=\u00a0\u00bb0&Prime; width=\u00a0\u00bb1\/1&Prime;][vc_empty_space empty_h=\u00a0\u00bb5&Prime;][vc_row_inner][vc_column_inner column_width_percent=\u00a0\u00bb100&Prime; gutter_size=\u00a0\u00bb3&Prime; style=\u00a0\u00bbdark\u00a0\u00bb font_family=\u00a0\u00bbfont-762333&Prime; overlay_color=\u00a0\u00bbcolor-187530&Prime; overlay_alpha=\u00a0\u00bb82&Prime; shift_x=\u00a0\u00bb0&Prime; shift_y=\u00a0\u00bb0&Prime; shift_y_down=\u00a0\u00bb0&Prime; z_index=\u00a0\u00bb0&Prime; medium_width=\u00a0\u00bb0&Prime; mobile_width=\u00a0\u00bb0&Prime; width=\u00a0\u00bb1\/2&Prime;][vc_column_text css=\u00a0\u00bb.vc_custom_1595523061815{margin-right: 20px !important;margin-left: 20px !important;padding-top: 20px !important;padding-bottom: 20px !important;}\u00a0\u00bb]<\/p>\n","protected":false},"author":1,"featured_media":0,"parent":0,"menu_order":0,"comment_status":"closed","ping_status":"closed","template":"","meta":{"om_disable_all_campaigns":false,"_monsterinsights_skip_tracking":false,"_monsterinsights_sitenote_active":false,"_monsterinsights_sitenote_note":"","_monsterinsights_sitenote_category":0,"_uf_show_specific_survey":0,"_uf_disable_surveys":false,"footnotes":""},"class_list":["post-86126","page","type-page","status-publish","hentry"],"aioseo_notices":[],"_links":{"self":[{"href":"https:\/\/riadorangeraie.com\/fr\/wp-json\/wp\/v2\/pages\/86126","targetHints":{"allow":["GET"]}}],"collection":[{"href":"https:\/\/riadorangeraie.com\/fr\/wp-json\/wp\/v2\/pages"}],"about":[{"href":"https:\/\/riadorangeraie.com\/fr\/wp-json\/wp\/v2\/types\/page"}],"author":[{"embeddable":true,"href":"https:\/\/riadorangeraie.com\/fr\/wp-json\/wp\/v2\/users\/1"}],"replies":[{"embeddable":true,"href":"https:\/\/riadorangeraie.com\/fr\/wp-json\/wp\/v2\/comments?post=86126"}],"version-history":[{"count":0,"href":"https:\/\/riadorangeraie.com\/fr\/wp-json\/wp\/v2\/pages\/86126\/revisions"}],"wp:attachment":[{"href":"https:\/\/riadorangeraie.com\/fr\/wp-json\/wp\/v2\/media?parent=86126"}],"curies":[{"name":"wp","href":"https:\/\/api.w.org\/{rel}","templated":true}]}}